{"id":243426,"date":"2024-09-03T10:02:48","date_gmt":"2024-09-03T08:02:48","guid":{"rendered":"https:\/\/presse.tirol.at\/app\/uploads\/2024\/09\/Mount-Med-Resort-cMount-Med-Resort-Michael-Huber.jpg"},"modified":"2024-10-24T16:36:13","modified_gmt":"2024-10-24T14:36:13","slug":"mount-med-resort-cmount-med-resort-michael-huber-2","status":"inherit","type":"attachment","link":"https:\/\/presse.tirol.at\/en\/news-winter-accommodation-2024\/243897\/mount-med-resort-cmount-med-resort-michael-huber-2\/","title":{"rendered":"Mount Med Resort Wildsch\u00f6nau opens with unique health fusion concept"},"author":17,"featured_media":0,"comment_status":"closed","ping_status":"closed","template":"","meta":{"_acf_changed":false},"attachment_category":[506,363,536],"attachment_tag":[],"class_list":["post-243426","attachment","type-attachment","status-inherit","hentry","attachment_category-tirol-werbung-media-en","attachment_category-wildschoenau-media","attachment_category-wildschoenau-media-en"],"acf":[],"yoast_head":"<!-- This site is optimized with the Yoast SEO plugin v25.1 - https:\/\/yoast.com\/wordpress\/plugins\/seo\/ -->\n<title>Mount Med Resort Wildsch\u00f6nau opens with unique health fusion concept - Presse.Tirol<\/title>\n<meta name=\"robots\" content=\"index, follow, max-snippet:-1, max-image-preview:large, max-video-preview:-1\" \/>\n<link rel=\"canonical\" href=\"https:\/\/presse.tirol.at\/en\/news-winter-accommodation-2024\/243897\/mount-med-resort-cmount-med-resort-michael-huber-2\/\" \/>\n<meta property=\"og:locale\" content=\"en_US\" \/>\n<meta property=\"og:type\" content=\"article\" \/>\n<meta property=\"og:title\" content=\"Mount Med Resort Wildsch\u00f6nau opens with unique health fusion concept - Presse.Tirol\" \/>\n<meta property=\"og:description\" content=\"Mount Med Resort Wildsch\u00f6nau opens with unique health fusion concept\" \/>\n<meta property=\"og:url\" content=\"https:\/\/presse.tirol.at\/en\/news-winter-accommodation-2024\/243897\/mount-med-resort-cmount-med-resort-michael-huber-2\/\" \/>\n<meta property=\"og:site_name\" content=\"Presse.Tirol\" \/>\n<meta property=\"article:modified_time\" content=\"2024-10-24T14:36:13+00:00\" \/>\n<meta property=\"og:image\" content=\"https:\/\/presse.tirol.at\/app\/uploads\/2024\/09\/Mount-Med-Resort-cMount-Med-Resort-Michael-Huber-scaled.jpg\" \/>\n\t<meta property=\"og:image:width\" content=\"2560\" \/>\n\t<meta property=\"og:image:height\" content=\"1705\" \/>\n\t<meta property=\"og:image:type\" content=\"image\/jpeg\" \/>\n<meta name=\"twitter:card\" content=\"summary_large_image\" \/>\n<meta name=\"twitter:label1\" content=\"Written by\" \/>\n\t<meta name=\"twitter:data1\" content=\"Martina Nairz\" \/>\n<script type=\"application\/ld+json\" class=\"yoast-schema-graph\">{\"@context\":\"https:\/\/schema.org\",\"@graph\":[{\"@type\":\"WebPage\",\"@id\":\"https:\/\/presse.tirol.at\/en\/news-winter-accommodation-2024\/243897\/mount-med-resort-cmount-med-resort-michael-huber-2\/\",\"url\":\"https:\/\/presse.tirol.at\/en\/news-winter-accommodation-2024\/243897\/mount-med-resort-cmount-med-resort-michael-huber-2\/\",\"name\":\"Mount Med Resort Wildsch\u00f6nau opens with unique health fusion concept - Presse.Tirol\",\"isPartOf\":{\"@id\":\"https:\/\/presse.tirol.at\/en\/#website\"},\"datePublished\":\"2024-09-03T08:02:48+00:00\",\"dateModified\":\"2024-10-24T14:36:13+00:00\",\"breadcrumb\":{\"@id\":\"https:\/\/presse.tirol.at\/en\/news-winter-accommodation-2024\/243897\/mount-med-resort-cmount-med-resort-michael-huber-2\/#breadcrumb\"},\"inLanguage\":\"en-EN\",\"potentialAction\":[{\"@type\":\"ReadAction\",\"target\":[\"https:\/\/presse.tirol.at\/en\/news-winter-accommodation-2024\/243897\/mount-med-resort-cmount-med-resort-michael-huber-2\/\"]}]},{\"@type\":\"BreadcrumbList\",\"@id\":\"https:\/\/presse.tirol.at\/en\/news-winter-accommodation-2024\/243897\/mount-med-resort-cmount-med-resort-michael-huber-2\/#breadcrumb\",\"itemListElement\":[{\"@type\":\"ListItem\",\"position\":1,\"name\":\"News from Tirol&#8217;s accommodation providers\",\"item\":\"https:\/\/presse.tirol.at\/en\/news-winter-accommodation-2024\/243897\/\"},{\"@type\":\"ListItem\",\"position\":2,\"name\":\"Mount Med Resort Wildsch\u00f6nau opens with unique health fusion concept\"}]},{\"@type\":\"WebSite\",\"@id\":\"https:\/\/presse.tirol.at\/en\/#website\",\"url\":\"https:\/\/presse.tirol.at\/en\/\",\"name\":\"Presse.Tirol\",\"description\":\"Regionale Presseplattform der Tirol Werbung und den Tiroler Tourismusverb\u00e4nden\",\"potentialAction\":[{\"@type\":\"SearchAction\",\"target\":{\"@type\":\"EntryPoint\",\"urlTemplate\":\"https:\/\/presse.tirol.at\/en\/?s={search_term_string}\"},\"query-input\":{\"@type\":\"PropertyValueSpecification\",\"valueRequired\":true,\"valueName\":\"search_term_string\"}}],\"inLanguage\":\"en-EN\"}]}<\/script>\n<!-- \/ Yoast SEO plugin. -->","yoast_head_json":{"title":"Mount Med Resort Wildsch\u00f6nau opens with unique health fusion concept - Presse.Tirol","robots":{"index":"index","follow":"follow","max-snippet":"max-snippet:-1","max-image-preview":"max-image-preview:large","max-video-preview":"max-video-preview:-1"},"canonical":"https:\/\/presse.tirol.at\/en\/news-winter-accommodation-2024\/243897\/mount-med-resort-cmount-med-resort-michael-huber-2\/","og_locale":"en_US","og_type":"article","og_title":"Mount Med Resort Wildsch\u00f6nau opens with unique health fusion concept - Presse.Tirol","og_description":"Mount Med Resort Wildsch\u00f6nau opens with unique health fusion concept","og_url":"https:\/\/presse.tirol.at\/en\/news-winter-accommodation-2024\/243897\/mount-med-resort-cmount-med-resort-michael-huber-2\/","og_site_name":"Presse.Tirol","article_modified_time":"2024-10-24T14:36:13+00:00","og_image":[{"width":2560,"height":1705,"url":"https:\/\/presse.tirol.at\/app\/uploads\/2024\/09\/Mount-Med-Resort-cMount-Med-Resort-Michael-Huber-scaled.jpg","type":"image\/jpeg"}],"twitter_card":"summary_large_image","twitter_misc":{"Written by":"Martina Nairz"},"schema":{"@context":"https:\/\/schema.org","@graph":[{"@type":"WebPage","@id":"https:\/\/presse.tirol.at\/en\/news-winter-accommodation-2024\/243897\/mount-med-resort-cmount-med-resort-michael-huber-2\/","url":"https:\/\/presse.tirol.at\/en\/news-winter-accommodation-2024\/243897\/mount-med-resort-cmount-med-resort-michael-huber-2\/","name":"Mount Med Resort Wildsch\u00f6nau opens with unique health fusion concept - Presse.Tirol","isPartOf":{"@id":"https:\/\/presse.tirol.at\/en\/#website"},"datePublished":"2024-09-03T08:02:48+00:00","dateModified":"2024-10-24T14:36:13+00:00","breadcrumb":{"@id":"https:\/\/presse.tirol.at\/en\/news-winter-accommodation-2024\/243897\/mount-med-resort-cmount-med-resort-michael-huber-2\/#breadcrumb"},"inLanguage":"en-EN","potentialAction":[{"@type":"ReadAction","target":["https:\/\/presse.tirol.at\/en\/news-winter-accommodation-2024\/243897\/mount-med-resort-cmount-med-resort-michael-huber-2\/"]}]},{"@type":"BreadcrumbList","@id":"https:\/\/presse.tirol.at\/en\/news-winter-accommodation-2024\/243897\/mount-med-resort-cmount-med-resort-michael-huber-2\/#breadcrumb","itemListElement":[{"@type":"ListItem","position":1,"name":"News from Tirol&#8217;s accommodation providers","item":"https:\/\/presse.tirol.at\/en\/news-winter-accommodation-2024\/243897\/"},{"@type":"ListItem","position":2,"name":"Mount Med Resort Wildsch\u00f6nau opens with unique health fusion concept"}]},{"@type":"WebSite","@id":"https:\/\/presse.tirol.at\/en\/#website","url":"https:\/\/presse.tirol.at\/en\/","name":"Presse.Tirol","description":"Regionale Presseplattform der Tirol Werbung und den Tiroler Tourismusverb\u00e4nden","potentialAction":[{"@type":"SearchAction","target":{"@type":"EntryPoint","urlTemplate":"https:\/\/presse.tirol.at\/en\/?s={search_term_string}"},"query-input":{"@type":"PropertyValueSpecification","valueRequired":true,"valueName":"search_term_string"}}],"inLanguage":"en-EN"}]}},"publishpress_future_workflow_manual_trigger":{"enabledWorkflows":[]},"description":{"rendered":"<p class=\"attachment\"><a href='https:\/\/presse.tirol.at\/app\/uploads\/2024\/09\/Mount-Med-Resort-cMount-Med-Resort-Michael-Huber-scaled.jpg'><img loading=\"lazy\" decoding=\"async\" width=\"300\" height=\"200\" src=\"https:\/\/presse.tirol.at\/app\/uploads\/2024\/09\/Mount-Med-Resort-cMount-Med-Resort-Michael-Huber-300x200.jpg\" class=\"attachment-medium size-medium\" alt=\"Mount Med Resort Wildsch\u00f6nau opens with unique health fusion concept\" srcset=\"https:\/\/presse.tirol.at\/app\/uploads\/2024\/09\/Mount-Med-Resort-cMount-Med-Resort-Michael-Huber-300x200.jpg 300w, https:\/\/presse.tirol.at\/app\/uploads\/2024\/09\/Mount-Med-Resort-cMount-Med-Resort-Michael-Huber-1024x682.jpg 1024w, https:\/\/presse.tirol.at\/app\/uploads\/2024\/09\/Mount-Med-Resort-cMount-Med-Resort-Michael-Huber-768x512.jpg 768w, https:\/\/presse.tirol.at\/app\/uploads\/2024\/09\/Mount-Med-Resort-cMount-Med-Resort-Michael-Huber-1536x1023.jpg 1536w, https:\/\/presse.tirol.at\/app\/uploads\/2024\/09\/Mount-Med-Resort-cMount-Med-Resort-Michael-Huber-2048x1364.jpg 2048w\" sizes=\"auto, (max-width: 300px) 100vw, 300px\" \/><\/a><\/p>\n<p>Mount Med Resort Wildsch\u00f6nau opens with unique health fusion concept<\/p>\n"},"caption":{"rendered":"<p>Mount Med Resort Wildsch\u00f6nau opens with unique health fusion concept<\/p>\n"},"alt_text":"Mount Med Resort Wildsch\u00f6nau opens with unique health fusion concept","media_type":"image","mime_type":"image\/jpeg","media_details":{"width":2560,"height":1705,"file":"2024\/09\/Mount-Med-Resort-cMount-Med-Resort-Michael-Huber-scaled.jpg","filesize":947936,"sizes":{"medium":{"file":"Mount-Med-Resort-cMount-Med-Resort-Michael-Huber-300x200.jpg","width":300,"height":200,"filesize":39656,"mime_type":"image\/jpeg","source_url":"https:\/\/presse.tirol.at\/app\/uploads\/2024\/09\/Mount-Med-Resort-cMount-Med-Resort-Michael-Huber-300x200.jpg"},"large":{"file":"Mount-Med-Resort-cMount-Med-Resort-Michael-Huber-1024x682.jpg","width":1024,"height":682,"filesize":180348,"mime_type":"image\/jpeg","source_url":"https:\/\/presse.tirol.at\/app\/uploads\/2024\/09\/Mount-Med-Resort-cMount-Med-Resort-Michael-Huber-1024x682.jpg"},"thumbnail":{"file":"Mount-Med-Resort-cMount-Med-Resort-Michael-Huber-150x150.jpg","width":150,"height":150,"filesize":30783,"mime_type":"image\/jpeg","source_url":"https:\/\/presse.tirol.at\/app\/uploads\/2024\/09\/Mount-Med-Resort-cMount-Med-Resort-Michael-Huber-150x150.jpg"},"medium_large":{"file":"Mount-Med-Resort-cMount-Med-Resort-Michael-Huber-768x512.jpg","width":768,"height":512,"filesize":112945,"mime_type":"image\/jpeg","source_url":"https:\/\/presse.tirol.at\/app\/uploads\/2024\/09\/Mount-Med-Resort-cMount-Med-Resort-Michael-Huber-768x512.jpg"},"1536x1536":{"file":"Mount-Med-Resort-cMount-Med-Resort-Michael-Huber-1536x1023.jpg","width":1536,"height":1023,"filesize":371338,"mime_type":"image\/jpeg","source_url":"https:\/\/presse.tirol.at\/app\/uploads\/2024\/09\/Mount-Med-Resort-cMount-Med-Resort-Michael-Huber-1536x1023.jpg"},"2048x2048":{"file":"Mount-Med-Resort-cMount-Med-Resort-Michael-Huber-2048x1364.jpg","width":2048,"height":1364,"filesize":632949,"mime_type":"image\/jpeg","source_url":"https:\/\/presse.tirol.at\/app\/uploads\/2024\/09\/Mount-Med-Resort-cMount-Med-Resort-Michael-Huber-2048x1364.jpg"},"keyvisual__image--600x720":{"file":"Mount-Med-Resort-cMount-Med-Resort-Michael-Huber-600x720.jpg","width":600,"height":720,"filesize":112525,"mime_type":"image\/jpeg","source_url":"https:\/\/presse.tirol.at\/app\/uploads\/2024\/09\/Mount-Med-Resort-cMount-Med-Resort-Michael-Huber-600x720.jpg"},"keyvisual__image--1280x480":{"file":"Mount-Med-Resort-cMount-Med-Resort-Michael-Huber-1280x480.jpg","width":1280,"height":480,"filesize":200396,"mime_type":"image\/jpeg","source_url":"https:\/\/presse.tirol.at\/app\/uploads\/2024\/09\/Mount-Med-Resort-cMount-Med-Resort-Michael-Huber-1280x480.jpg"},"preview__image--443x248":{"file":"Mount-Med-Resort-cMount-Med-Resort-Michael-Huber-443x248.jpg","width":443,"height":248,"filesize":53441,"mime_type":"image\/jpeg","source_url":"https:\/\/presse.tirol.at\/app\/uploads\/2024\/09\/Mount-Med-Resort-cMount-Med-Resort-Michael-Huber-443x248.jpg"},"preview__image--630x350":{"file":"Mount-Med-Resort-cMount-Med-Resort-Michael-Huber-630x350.jpg","width":630,"height":350,"filesize":80749,"mime_type":"image\/jpeg","source_url":"https:\/\/presse.tirol.at\/app\/uploads\/2024\/09\/Mount-Med-Resort-cMount-Med-Resort-Michael-Huber-630x350.jpg"},"preview__image--375x210":{"file":"Mount-Med-Resort-cMount-Med-Resort-Michael-Huber-375x210.jpg","width":375,"height":210,"filesize":45749,"mime_type":"image\/jpeg","source_url":"https:\/\/presse.tirol.at\/app\/uploads\/2024\/09\/Mount-Med-Resort-cMount-Med-Resort-Michael-Huber-375x210.jpg"},"full":{"file":"Mount-Med-Resort-cMount-Med-Resort-Michael-Huber-scaled.jpg","width":2560,"height":1705,"mime_type":"image\/jpeg","source_url":"https:\/\/presse.tirol.at\/app\/uploads\/2024\/09\/Mount-Med-Resort-cMount-Med-Resort-Michael-Huber-scaled.jpg"}},"image_meta":{"aperture":"8","credit":"","camera":"L1D-20c","caption":"Die Fotos d\u00fcrfen ausschlie\u00dflich f\u00fcr PR- und Marketingma\u00dfnahmen der markekting deluxe, Schwaz, \u00d6sterreich verwendet werden. \rJegliche Nutzung Dritter (durch Verkauf oder Weitergabe) ist mit dem Bildautor, Michael Huber | www.huber-fotografie.at, gesondert zu vereinbaren.\r\r\rCopyright aller Aufnahmen:\r\rMichael Huber\r\r5730 Mittersill. Hallenbadstra\u00dfe 4\r\rwww.huber-fotografie.at\r\r0664 \/ 250 86 32","created_timestamp":"1708768733","copyright":"","focal_length":"10.26","iso":"100","shutter_speed":"0.0015625","title":"","orientation":"1","keywords":[]},"original_image":"Mount-Med-Resort-cMount-Med-Resort-Michael-Huber.jpg"},"post":243897,"source_url":"https:\/\/presse.tirol.at\/app\/uploads\/2024\/09\/Mount-Med-Resort-cMount-Med-Resort-Michael-Huber-scaled.jpg","_links":{"self":[{"href":"https:\/\/presse.tirol.at\/en\/wp-json\/wp\/v2\/media\/243426","targetHints":{"allow":["GET"]}}],"collection":[{"href":"https:\/\/presse.tirol.at\/en\/wp-json\/wp\/v2\/media"}],"about":[{"href":"https:\/\/presse.tirol.at\/en\/wp-json\/wp\/v2\/types\/attachment"}],"author":[{"embeddable":true,"href":"https:\/\/presse.tirol.at\/en\/wp-json\/wp\/v2\/users\/17"}],"wp:term":[{"taxonomy":"attachment_category","embeddable":true,"href":"https:\/\/presse.tirol.at\/en\/wp-json\/wp\/v2\/attachment_category?post=243426"},{"taxonomy":"attachment_tag","embeddable":true,"href":"https:\/\/presse.tirol.at\/en\/wp-json\/wp\/v2\/attachment_tag?post=243426"}],"curies":[{"name":"wp","href":"https:\/\/api.w.org\/{rel}","templated":true}]}}